{"id":167,"date":"2024-03-24T16:41:44","date_gmt":"2024-03-24T15:41:44","guid":{"rendered":"https:\/\/re-generation.es\/?page_id=167"},"modified":"2024-12-14T21:10:52","modified_gmt":"2024-12-14T20:10:52","slug":"entrenador-personal-mallorca-precio","status":"publish","type":"page","link":"https:\/\/re-generation.es\/?page_id=167","title":{"rendered":"Entrenador personal Mallorca precio"},"content":{"rendered":"\n<h2 class=\"wp-block-heading\">\u00bfCu\u00e1l es el precio de un entrenador personal en Mallorca?<\/h2>\n\n\n\n<p>Como sabemos que es complicado encontrar el precio de un entrenador personal en Mallorca empezaremos con ese punto:<\/p>\n\n\n\n<h4 class=\"wp-block-heading\"><strong>2 sesiones a la semana de entrenamiento en grupo reducido cuestan 90\u20ac al mes en nuestro centro de Palma de Mallorca.<\/strong><\/h4>\n\n\n\n<p><strong>Con el precio de 90\u20ac al mes tambi\u00e9n incluimos una sesi\u00f3n gratuita los viernes.<\/strong><\/p>\n\n\n\n<p>Si quieres saber m\u00e1s informaci\u00f3n sobre el precio, los horarios o los entrenamientos personales puedes escribirnos rellenando el siguiente formulario<\/p>\n\n\n<div class=\"wpforms-container wpforms-container-full wpforms-block wpforms-block-cbfcfd0e-e5bc-4b90-8ce2-aa66c7e425dc wpforms-render-modern\" id=\"wpforms-4\"><form id=\"wpforms-form-4\" class=\"wpforms-validate wpforms-form\" data-formid=\"4\" method=\"post\" enctype=\"multipart\/form-data\" action=\"\/index.php?rest_route=%2Fwp%2Fv2%2Fpages%2F167\" data-token=\"f2cbba5d5339d364ac4213445b5dbe3b\" data-token-time=\"1777697455\"><noscript class=\"wpforms-error-noscript\">Por favor, activa JavaScript en tu navegador para completar este formulario.<\/noscript><div id=\"wpforms-error-noscript\" style=\"display: none;\">Por favor, activa JavaScript en tu navegador para completar este formulario.<\/div><div class=\"wpforms-field-container\"><div id=\"wpforms-4-field_0-container\" class=\"wpforms-field wpforms-field-name wpforms-one-half wpforms-first\" data-field-id=\"0\"><label class=\"wpforms-field-label wpforms-label-hide\" for=\"wpforms-4-field_0\" aria-hidden=\"false\">Nombre <span class=\"wpforms-required-label\" aria-hidden=\"true\">*<\/span><\/label><input type=\"text\" id=\"wpforms-4-field_0\" class=\"wpforms-field-large wpforms-field-required\" name=\"wpforms[fields][0]\" placeholder=\"Tu Nombre\" aria-errormessage=\"wpforms-4-field_0-error\" required><\/div><div id=\"wpforms-4-field_3-container\" class=\"wpforms-field wpforms-field-email wpforms-one-half\" data-field-id=\"3\"><label class=\"wpforms-field-label wpforms-label-hide\" for=\"wpforms-4-field_3\" aria-hidden=\"false\">Email <span class=\"wpforms-required-label\" aria-hidden=\"true\">*<\/span><\/label><input type=\"email\" id=\"wpforms-4-field_3\" class=\"wpforms-field-large wpforms-field-required\" name=\"wpforms[fields][3]\" placeholder=\"Tu Email\" spellcheck=\"false\" aria-errormessage=\"wpforms-4-field_3-error\" required><\/div><div id=\"wpforms-4-field_4-container\" class=\"wpforms-field wpforms-field-text\" data-field-id=\"4\"><label class=\"wpforms-field-label wpforms-label-hide\" for=\"wpforms-4-field_4\" aria-hidden=\"false\">Tema<\/label><input type=\"text\" id=\"wpforms-4-field_4\" class=\"wpforms-field-large\" name=\"wpforms[fields][4]\" placeholder=\"Sobre qu\u00e9 nos quieres comentar\" aria-errormessage=\"wpforms-4-field_4-error\" ><\/div><div id=\"wpforms-4-field_2-container\" class=\"wpforms-field wpforms-field-textarea\" data-field-id=\"2\"><label class=\"wpforms-field-label wpforms-label-hide\" for=\"wpforms-4-field_2\" aria-hidden=\"false\">Mensaje <span class=\"wpforms-required-label\" aria-hidden=\"true\">*<\/span><\/label><textarea id=\"wpforms-4-field_2\" class=\"wpforms-field-medium wpforms-field-required\" name=\"wpforms[fields][2]\" placeholder=\"Tu mensaje\" aria-errormessage=\"wpforms-4-field_2-error\" required><\/textarea><\/div><\/div><!-- .wpforms-field-container --><div class=\"wpforms-submit-container\" ><input type=\"hidden\" name=\"wpforms[id]\" value=\"4\"><input type=\"hidden\" name=\"page_title\" value=\"\"><input type=\"hidden\" name=\"page_url\" value=\"https:\/\/re-generation.es\/index.php?rest_route=\/wp\/v2\/pages\/167\"><input type=\"hidden\" name=\"url_referer\" value=\"\"><button type=\"submit\" name=\"wpforms[submit]\" id=\"wpforms-submit-4\" class=\"wpforms-submit\" data-alt-text=\"Sending...\" data-submit-text=\"Send message\" aria-live=\"assertive\" value=\"wpforms-submit\">Send message<\/button><\/div><\/form><\/div>  <!-- .wpforms-container -->\n\n\n<figure class=\"wp-block-image size-large\"><img loading=\"lazy\" decoding=\"async\" width=\"1024\" height=\"576\" src=\"https:\/\/re-generation.es\/wp-content\/uploads\/2024\/03\/15-1024x576.png\" alt=\"entrenador personal mallorca precio\" class=\"wp-image-169\" srcset=\"https:\/\/re-generation.es\/wp-content\/uploads\/2024\/03\/15-1024x576.png 1024w, https:\/\/re-generation.es\/wp-content\/uploads\/2024\/03\/15-300x169.png 300w, https:\/\/re-generation.es\/wp-content\/uploads\/2024\/03\/15-768x432.png 768w, https:\/\/re-generation.es\/wp-content\/uploads\/2024\/03\/15-1536x864.png 1536w, https:\/\/re-generation.es\/wp-content\/uploads\/2024\/03\/15-2048x1152.png 2048w\" sizes=\"auto, (max-width: 1024px) 100vw, 1024px\" \/><\/figure>\n\n\n\n<h3 class=\"wp-block-heading\">\u00bfCu\u00e1nto cuesta un entrenador personal en Mallorca? \u00bfCu\u00e1l es el precio?<\/h3>\n\n\n\n<p>Ahora que ya sabes cu\u00e1l es nuestro <a href=\"https:\/\/entrenadorpersonalmallorca.org\/entrenador-personal-mallorca-precio\/\" target=\"_blank\" rel=\"noopener\" title=\"\">precio<\/a>, vamos ayudarte a saber qu\u00e9 factores influyen en el precio de un entrenador personal en Mallorca.<\/p>\n\n\n\n<p>Si luchas para encontrar la motivaci\u00f3n para empezar a cuidarte, si vas al gimnasio y no sabes por d\u00f3nde empezar, si nunca has sido del deporte pero sabes que tienes que hacerlo.<\/p>\n\n\n\n<p>Lo mejor que puedes hacer es contratar a un entrenador personal.<\/p>\n\n\n\n<h3 class=\"wp-block-heading\">\u00bfC\u00f3mo puede ayudarte un entrenador personal en Mallorca?<\/h3>\n\n\n\n<p>1- Aport\u00e1ndote seguridad: El<a href=\"https:\/\/re-generation.es\/?p=78\" target=\"_blank\" rel=\"noopener\" title=\"\"> entrenador personal<\/a> velar\u00e1 porque hagas ejercicios seguros y adaptados.<\/p>\n\n\n\n<p>2- Con eficiencia: El entrenador personal elegir\u00e1 por ti los ejercicios, controlar\u00e1 los descansos y supervisar\u00e1 que t\u00fa t\u00e9cnica es la mejor.<\/p>\n\n\n\n<p>&nbsp;3- Llevando una planificaci\u00f3n: Los resultados llegan a largo plazo, las metas tambi\u00e9n deben serlo.&nbsp;<\/p>\n\n\n\n<p>El entrenador personal sabr\u00e1 guiarte hacia tus objetivos y podr\u00e1 variar seg\u00fan el momento en el que te encuentres y si tus objetivos var\u00edan.<\/p>\n\n\n\n<figure class=\"wp-block-image size-large\"><img loading=\"lazy\" decoding=\"async\" width=\"1024\" height=\"576\" src=\"https:\/\/re-generation.es\/wp-content\/uploads\/2024\/03\/19-1024x576.png\" alt=\"Cu\u00e1nto cuesta un entrenador personal en Mallorca\" class=\"wp-image-170\" srcset=\"https:\/\/re-generation.es\/wp-content\/uploads\/2024\/03\/19-1024x576.png 1024w, https:\/\/re-generation.es\/wp-content\/uploads\/2024\/03\/19-300x169.png 300w, https:\/\/re-generation.es\/wp-content\/uploads\/2024\/03\/19-768x432.png 768w, https:\/\/re-generation.es\/wp-content\/uploads\/2024\/03\/19-1536x864.png 1536w, https:\/\/re-generation.es\/wp-content\/uploads\/2024\/03\/19-2048x1152.png 2048w\" sizes=\"auto, (max-width: 1024px) 100vw, 1024px\" \/><\/figure>\n\n\n\n<h3 class=\"wp-block-heading\">\u00bfQu\u00e9 tener en cuenta al buscar entrenador personal en Mallorca? (Adem\u00e1s del precio)<\/h3>\n\n\n\n<p>Es importante que tengas en cuenta varias cosas antes de buscar entrenador personal:<\/p>\n\n\n\n<p>La ubicaci\u00f3n: Los estudios demuestran que fallamos menos en el gimnasio si est\u00e1 cerca.<\/p>\n\n\n\n<p>Trayectoria: La experiencia, la formaci\u00f3n y los conocimientos son muy importantes a la hora de elegir al entrenador personal.<\/p>\n\n\n\n<p>Opiniones: Igual que leemos las rese\u00f1as de un restaurante antes de ir, conviene buscar opiniones y rese\u00f1as antes de contratar un entrenador personal en Mallorca.<\/p>\n\n\n\n<p>Siempre conviene sospechar si son rese\u00f1as con vocabulario tipo \u00abchat gpt\u00bb<\/p>\n\n\n\n<p>Como no pod\u00eda ser de otra manera, cuando buscas entrenador personal en Mallorca debes tener en cuenta el precio&nbsp;<\/p>\n\n\n\n<figure class=\"wp-block-image size-large\"><img loading=\"lazy\" decoding=\"async\" width=\"1024\" height=\"576\" src=\"https:\/\/re-generation.es\/wp-content\/uploads\/2024\/03\/16-1024x576.png\" alt=\"Precio entrenamiento personal Palma de Mallorca\" class=\"wp-image-171\" srcset=\"https:\/\/re-generation.es\/wp-content\/uploads\/2024\/03\/16-1024x576.png 1024w, https:\/\/re-generation.es\/wp-content\/uploads\/2024\/03\/16-300x169.png 300w, https:\/\/re-generation.es\/wp-content\/uploads\/2024\/03\/16-768x432.png 768w, https:\/\/re-generation.es\/wp-content\/uploads\/2024\/03\/16-1536x864.png 1536w, https:\/\/re-generation.es\/wp-content\/uploads\/2024\/03\/16-2048x1152.png 2048w\" sizes=\"auto, (max-width: 1024px) 100vw, 1024px\" \/><\/figure>\n\n\n\n<h3 class=\"wp-block-heading\">\u00bfQu\u00e9 factores determinan el precio de un entrenador personal en Mallorca?<\/h3>\n\n\n\n<p>Seg\u00fan la trayectoria, d\u00f3nde se realizan los entrenamientos, el material con el que cuenta el entrenador y si est\u00e1 especializado en personas de nuestro perfil el entrenador personal podr\u00e1 tener un precio y otro.<\/p>\n\n\n\n<p>Los entrenamientos al aire libre en Mallorca y online suelen ser m\u00e1s econ\u00f3micos que los entrenamientos personales en un centro de entrenamiento personal propio o en un gimnasio comercial.<\/p>\n\n\n\n<p>Los gastos para el entrenador personal no son baratos por lo que sus tarifas suelen ser un poco m\u00e1s altas.<\/p>\n\n\n\n<h3 class=\"wp-block-heading\">\u00bfQu\u00e9 puedes esperar en t\u00e9rminos de precios al buscar entrenador personal en Mallorca?<\/h3>\n\n\n\n<p>En Mallorca los precios promedio por sesi\u00f3n de entrenamiento personal pueden variar desde los 6\u20ac (en grupo al aire libre) a los 50\u20ac por sesi\u00f3n a solas con un entrenador personal.<\/p>\n\n\n\n<p>En casi todos los casos contratar m\u00e1s sesiones sale m\u00e1s barato.<\/p>\n\n\n\n<p>El entrenamiento en grupo tambi\u00e9n sale m\u00e1s barato.<\/p>\n\n\n\n<p>Conviene no olvidar que lo barato a veces sale caro por eso es importante valorar todos los factores (experiencia, rese\u00f1as, ubicaci\u00f3n y precios) antes de elegir un entrenador personal en Mallorca.<\/p>\n\n\n\n<p>En muchas ocasiones ofrecen sesiones de prueba gratuitas (como nosotros) y de esta manera puedes ver si hay buena sinton\u00eda en persona, algo que tambi\u00e9n resulta de gran importancia al elegir un entrenador personal en Mallorca.<\/p>\n\n\n\n<p>Si quieres m\u00e1s informaci\u00f3n, saber m\u00e1s precios o venir a probar gratis en Re-generation puedes hacerlo en el WhatsApp 616861940, el correo electr\u00f3nico\u00a0<a href=\"mailto:regeneracionsalud@gmail.com\" target=\"_blank\" rel=\"noreferrer noopener\">regeneracionsalud@gmail.com<\/a>\u00a0o rellenando el siguiente formulario.<\/p>\n\n\n<div class=\"wpforms-container wpforms-container-full wpforms-block wpforms-block-cf62a902-5e54-4e64-9f53-44fa3f2a85ec wpforms-render-modern\" id=\"wpforms-4\"><form id=\"wpforms-form-4\" class=\"wpforms-validate wpforms-form\" data-formid=\"4\" method=\"post\" enctype=\"multipart\/form-data\" action=\"\/index.php?rest_route=%2Fwp%2Fv2%2Fpages%2F167\" data-token=\"f2cbba5d5339d364ac4213445b5dbe3b\" data-token-time=\"1777697455\"><noscript class=\"wpforms-error-noscript\">Por favor, activa JavaScript en tu navegador para completar este formulario.<\/noscript><div id=\"wpforms-error-noscript\" style=\"display: none;\">Por favor, activa JavaScript en tu navegador para completar este formulario.<\/div><div class=\"wpforms-field-container\"><div id=\"wpforms-4-field_0-container\" class=\"wpforms-field wpforms-field-name wpforms-one-half wpforms-first\" data-field-id=\"0\"><label class=\"wpforms-field-label wpforms-label-hide\" for=\"wpforms-4-field_0\" aria-hidden=\"false\">Nombre <span class=\"wpforms-required-label\" aria-hidden=\"true\">*<\/span><\/label><input type=\"text\" id=\"wpforms-4-field_0\" class=\"wpforms-field-large wpforms-field-required\" name=\"wpforms[fields][0]\" placeholder=\"Tu Nombre\" aria-errormessage=\"wpforms-4-field_0-error\" required><\/div><div id=\"wpforms-4-field_3-container\" class=\"wpforms-field wpforms-field-email wpforms-one-half\" data-field-id=\"3\"><label class=\"wpforms-field-label wpforms-label-hide\" for=\"wpforms-4-field_3\" aria-hidden=\"false\">Email <span class=\"wpforms-required-label\" aria-hidden=\"true\">*<\/span><\/label><input type=\"email\" id=\"wpforms-4-field_3\" class=\"wpforms-field-large wpforms-field-required\" name=\"wpforms[fields][3]\" placeholder=\"Tu Email\" spellcheck=\"false\" aria-errormessage=\"wpforms-4-field_3-error\" required><\/div><div id=\"wpforms-4-field_4-container\" class=\"wpforms-field wpforms-field-text\" data-field-id=\"4\"><label class=\"wpforms-field-label wpforms-label-hide\" for=\"wpforms-4-field_4\" aria-hidden=\"false\">Tema<\/label><input type=\"text\" id=\"wpforms-4-field_4\" class=\"wpforms-field-large\" name=\"wpforms[fields][4]\" placeholder=\"Sobre qu\u00e9 nos quieres comentar\" aria-errormessage=\"wpforms-4-field_4-error\" ><\/div><div id=\"wpforms-4-field_2-container\" class=\"wpforms-field wpforms-field-textarea\" data-field-id=\"2\"><label class=\"wpforms-field-label wpforms-label-hide\" for=\"wpforms-4-field_2\" aria-hidden=\"false\">Mensaje <span class=\"wpforms-required-label\" aria-hidden=\"true\">*<\/span><\/label><textarea id=\"wpforms-4-field_2\" class=\"wpforms-field-medium wpforms-field-required\" name=\"wpforms[fields][2]\" placeholder=\"Tu mensaje\" aria-errormessage=\"wpforms-4-field_2-error\" required><\/textarea><\/div><\/div><!-- .wpforms-field-container --><div class=\"wpforms-submit-container\" ><input type=\"hidden\" name=\"wpforms[id]\" value=\"4\"><input type=\"hidden\" name=\"page_title\" value=\"\"><input type=\"hidden\" name=\"page_url\" value=\"https:\/\/re-generation.es\/index.php?rest_route=\/wp\/v2\/pages\/167\"><input type=\"hidden\" name=\"url_referer\" value=\"\"><button type=\"submit\" name=\"wpforms[submit]\" id=\"wpforms-submit-4\" class=\"wpforms-submit\" data-alt-text=\"Sending...\" data-submit-text=\"Send message\" aria-live=\"assertive\" value=\"wpforms-submit\">Send message<\/button><\/div><\/form><\/div>  <!-- .wpforms-container -->","protected":false},"excerpt":{"rendered":"<p>\u00bfCu\u00e1l es el precio de un entrenador personal en Mallorca? Como sabemos que es complicado encontrar el precio de un entrenador personal en Mallorca empezaremos con ese punto: 2 sesiones a la semana de entrenamiento en grupo reducido cuestan 90\u20ac al mes en nuestro centro de Palma de Mallorca. Con [&hellip;]<\/p>\n","protected":false},"author":1,"featured_media":168,"parent":0,"menu_order":0,"comment_status":"closed","ping_status":"closed","template":"","meta":{"footnotes":""},"class_list":["post-167","page","type-page","status-publish","has-post-thumbnail","hentry"],"aioseo_notices":[],"_links":{"self":[{"href":"https:\/\/re-generation.es\/index.php?rest_route=\/wp\/v2\/pages\/167","targetHints":{"allow":["GET"]}}],"collection":[{"href":"https:\/\/re-generation.es\/index.php?rest_route=\/wp\/v2\/pages"}],"about":[{"href":"https:\/\/re-generation.es\/index.php?rest_route=\/wp\/v2\/types\/page"}],"author":[{"embeddable":true,"href":"https:\/\/re-generation.es\/index.php?rest_route=\/wp\/v2\/users\/1"}],"replies":[{"embeddable":true,"href":"https:\/\/re-generation.es\/index.php?rest_route=%2Fwp%2Fv2%2Fcomments&post=167"}],"version-history":[{"count":3,"href":"https:\/\/re-generation.es\/index.php?rest_route=\/wp\/v2\/pages\/167\/revisions"}],"predecessor-version":[{"id":234,"href":"https:\/\/re-generation.es\/index.php?rest_route=\/wp\/v2\/pages\/167\/revisions\/234"}],"wp:featuredmedia":[{"embeddable":true,"href":"https:\/\/re-generation.es\/index.php?rest_route=\/wp\/v2\/media\/168"}],"wp:attachment":[{"href":"https:\/\/re-generation.es\/index.php?rest_route=%2Fwp%2Fv2%2Fmedia&parent=167"}],"curies":[{"name":"wp","href":"https:\/\/api.w.org\/{rel}","templated":true}]}}